{"id":1106,"date":"2025-09-08T12:22:35","date_gmt":"2025-09-08T10:22:35","guid":{"rendered":"https:\/\/textilfest.org\/?page_id=1106"},"modified":"2025-11-25T12:21:30","modified_gmt":"2025-11-25T11:21:30","slug":"exhibitions","status":"publish","type":"page","link":"https:\/\/textilfest.org\/en\/exhibitions\/","title":{"rendered":"EXHIBITIONS"},"content":{"rendered":"\n\t<section class=\"section\" id=\"section_647217600\">\n\t\t<div class=\"section-bg fill\" >\n\t\t\t\t\t\t\t\t\t\n\t\t\t\n\n\t\t<\/div>\n\n\t\t\n\n\t\t<div class=\"section-content relative\">\n\t\t\t\n<div class=\"row row-full-width\"  id=\"row-143227207\">\n\n\t<div id=\"col-1308660233\" class=\"col small-12 large-12\"  >\n\t\t\t\t<div class=\"col-inner text-left\"  >\n\t\t\t\n\t\t\t\n\t<div id=\"text-191318922\" class=\"text\">\n\t\t\n<p><span style=\"font-size: 115%; color: #383838;\"><strong>TEXTILFEST 2025 EXHIBITIONS<\/strong><\/span><\/p>\n\t\t\n<style>\n#text-191318922 {\n  font-size: 1rem;\n  text-align: left;\n}\n@media (min-width:550px) {\n  #text-191318922 {\n    font-size: 1.75rem;\n  }\n}\n@media (min-width:850px) {\n  #text-191318922 {\n    font-size: 2.15rem;\n  }\n}\n<\/style>\n\t<\/div>\n\t\n<div class=\"is-divider divider clearfix\" style=\"margin-top:0px;margin-bottom:0px;max-width:100px;height:1px;\"><\/div>\n\t<div id=\"gap-1765158221\" class=\"gap-element clearfix\" style=\"display:block; height:auto;\">\n\t\t\n<style>\n#gap-1765158221 {\n  padding-top: 10px;\n}\n@media (min-width:550px) {\n  #gap-1765158221 {\n    padding-top: 20px;\n  }\n}\n@media (min-width:850px) {\n  #gap-1765158221 {\n    padding-top: 20px;\n  }\n}\n<\/style>\n\t<\/div>\n\t\n\n\t\t<div class=\"icon-box featured-box icon-box-left text-left is-large\"  >\n\t\t\t\t\t<div class=\"icon-box-img\" style=\"width: 20px\">\n\t\t\t\t<div class=\"icon\">\n\t\t\t\t\t<div class=\"icon-inner\" style=\"color:rgb(68, 96, 132);\">\n\t\t\t\t\t\t<svg id=\"Layer_1\" enable-background=\"new 0 0 512 512\" height=\"512\" viewBox=\"0 0 512 512\" width=\"512\" xmlns=\"http:\/\/www.w3.org\/2000\/svg\"><g><path d=\"m446 40h-46v-24c0-8.836-7.163-16-16-16s-16 7.164-16 16v24h-224v-24c0-8.836-7.163-16-16-16s-16 7.164-16 16v24h-46c-36.393 0-66 29.607-66 66v340c0 36.393 29.607 66 66 66h380c36.393 0 66-29.607 66-66v-340c0-36.393-29.607-66-66-66zm-380 32h46v16c0 8.836 7.163 16 16 16s16-7.164 16-16v-16h224v16c0 8.836 7.163 16 16 16s16-7.164 16-16v-16h46c18.748 0 34 15.252 34 34v38h-448v-38c0-18.748 15.252-34 34-34zm380 408h-380c-18.748 0-34-15.252-34-34v-270h448v270c0 18.748-15.252 34-34 34z\"\/><\/g><\/svg>\t\t\t\t\t<\/div>\n\t\t\t\t<\/div>\n\t\t\t<\/div>\n\t\t\t\t<div class=\"icon-box-text last-reset\">\n\t\t\t\t\t\t\t\t\t\n\t<div id=\"text-1907538220\" class=\"text\">\n\t\t\n<p>September 2025 to January 2026<\/p>\n\t\t\n<style>\n#text-1907538220 {\n  text-align: left;\n}\n<\/style>\n\t<\/div>\n\t\n\t\t<\/div>\n\t<\/div>\n\t\n\t\n\n\t\t<div class=\"icon-box featured-box icon-box-left text-left is-large\"  >\n\t\t\t\t\t<div class=\"icon-box-img\" style=\"width: 20px\">\n\t\t\t\t<div class=\"icon\">\n\t\t\t\t\t<div class=\"icon-inner\" style=\"color:rgb(68, 96, 132);\">\n\t\t\t\t\t\t<?xml version=\"1.0\" encoding=\"iso-8859-1\"?>\r\n<!-- Generator: Adobe Illustrator 19.0.0, SVG Export Plug-In . SVG Version: 6.00 Build 0)  -->\r\n<svg version=\"1.1\" id=\"Layer_1\" xmlns=\"http:\/\/www.w3.org\/2000\/svg\" xmlns:xlink=\"http:\/\/www.w3.org\/1999\/xlink\" x=\"0px\" y=\"0px\"\r\n\t viewBox=\"0 0 512 512\" style=\"enable-background:new 0 0 512 512;\" xml:space=\"preserve\">\r\n<g>\r\n\t<g>\r\n\t\t<path d=\"M256,0C153.755,0,70.573,83.182,70.573,185.426c0,126.888,165.939,313.167,173.004,321.035\r\n\t\t\tc6.636,7.391,18.222,7.378,24.846,0c7.065-7.868,173.004-194.147,173.004-321.035C441.425,83.182,358.244,0,256,0z M256,469.729\r\n\t\t\tc-55.847-66.338-152.035-197.217-152.035-284.301c0-83.834,68.202-152.036,152.035-152.036s152.035,68.202,152.035,152.035\r\n\t\t\tC408.034,272.515,311.861,403.37,256,469.729z\"\/>\r\n\t<\/g>\r\n<\/g>\r\n<g>\r\n\t<g>\r\n\t\t<path d=\"M256,92.134c-51.442,0-93.292,41.851-93.292,93.293s41.851,93.293,93.292,93.293s93.291-41.851,93.291-93.293\r\n\t\t\tS307.441,92.134,256,92.134z M256,245.328c-33.03,0-59.9-26.871-59.9-59.901s26.871-59.901,59.9-59.901s59.9,26.871,59.9,59.901\r\n\t\t\tS289.029,245.328,256,245.328z\"\/>\r\n\t<\/g>\r\n<\/g>\r\n<g>\r\n<\/g>\r\n<g>\r\n<\/g>\r\n<g>\r\n<\/g>\r\n<g>\r\n<\/g>\r\n<g>\r\n<\/g>\r\n<g>\r\n<\/g>\r\n<g>\r\n<\/g>\r\n<g>\r\n<\/g>\r\n<g>\r\n<\/g>\r\n<g>\r\n<\/g>\r\n<g>\r\n<\/g>\r\n<g>\r\n<\/g>\r\n<g>\r\n<\/g>\r\n<g>\r\n<\/g>\r\n<g>\r\n<\/g>\r\n<\/svg>\r\n\t\t\t\t\t<\/div>\n\t\t\t\t<\/div>\n\t\t\t<\/div>\n\t\t\t\t<div class=\"icon-box-text last-reset\">\n\t\t\t\t\t\t\t\t\t\n\t<div id=\"text-1599656417\" class=\"text\">\n\t\t\n<p>Museu de la Pell Cal Boyer, Igualada, Barcelona.<\/p>\n\t\t\n<style>\n#text-1599656417 {\n  text-align: left;\n}\n<\/style>\n\t<\/div>\n\t\n\t\t<\/div>\n\t<\/div>\n\t\n\t\n\t\t<\/div>\n\t\t\t\t\n<style>\n#col-1308660233 > .col-inner {\n  margin: 0px 0px 0px 5%;\n}\n@media (min-width:550px) {\n  #col-1308660233 > .col-inner {\n    margin: 0px 0px 0px 10%;\n  }\n}\n@media (min-width:850px) {\n  #col-1308660233 > .col-inner {\n    margin: 0px 0px 0px 25%;\n  }\n}\n<\/style>\n\t<\/div>\n\n\t\n\n<style>\n#row-143227207 > .col > .col-inner {\n  padding: 5% 5% 0px 3%;\n}\n<\/style>\n<\/div>\n\t\t<\/div>\n\n\t\t\n<style>\n#section_647217600 {\n  padding-top: 0px;\n  padding-bottom: 0px;\n}\n@media (min-width:850px) {\n  #section_647217600 {\n    padding-top: 0px;\n    padding-bottom: 0px;\n  }\n}\n<\/style>\n\t<\/section>\n\t\n\n\t<section class=\"section\" id=\"section_181762177\">\n\t\t<div class=\"section-bg fill\" >\n\t\t\t\t\t\t\t\t\t\n\t\t\t\n\n\t\t<\/div>\n\n\t\t\n\n\t\t<div class=\"section-content relative\">\n\t\t\t\n<div class=\"row row-large row-full-width align-center\"  id=\"row-1134098864\">\n\n\t<div id=\"col-1081052466\" class=\"col medium-11 small-12 large-12\"  >\n\t\t\t\t<div class=\"col-inner\"  >\n\t\t\t\n\t\t\t\n\n  \n    <div id=\"gallery-999100606\" class=\"row large-columns-2 medium-columns-2 small-columns- row-small row-full-width row-masonry\" data-packery-options='{\"itemSelector\": \".col\", \"gutter\": 0, \"presentageWidth\" : true}'>\n\n  <div class=\"gallery-col col\" >\n          <div class=\"col-inner\">\n                        <div class=\"box has-hover gallery-box box-none\">\n              <div class=\"box-image image-zoom\" style=\"width:null%;\">\n                <img loading=\"lazy\" decoding=\"async\" width=\"849\" height=\"1200\" src=\"https:\/\/textilfest.org\/wp-content\/uploads\/2025\/11\/TextilFest-2025-CARTEL-BRODANT-25NOV25.webp\" class=\"attachment-original size-original\" alt=\"\" ids=\"1953,1119,1122,1238\" style=\"none\" lightbox=\"false\" type=\"masonry\" col_spacing=\"small\" columns=\"2\" columns__md=\"2\" image_width=\"null\" image_size=\"original\" image_hover=\"zoom\" text_size=\"large\" text_bg=\"rgba(0, 0, 0, 0.442)\" text_color=\"dark\" text_padding=\"5% 0px 5% 5%\" srcset=\"https:\/\/textilfest.org\/wp-content\/uploads\/2025\/11\/TextilFest-2025-CARTEL-BRODANT-25NOV25.webp 849w, https:\/\/textilfest.org\/wp-content\/uploads\/2025\/11\/TextilFest-2025-CARTEL-BRODANT-25NOV25-768x1086.webp 768w\" sizes=\"auto, (max-width: 849px) 100vw, 849px\" \/>                                                              <\/div>\n              <div class=\"box-text text-left is-large dark\" style=\"background-color:rgba(0, 0, 0, 0.442);padding:5% 0px 5% 5%;\">\n                 <p><a href=\"https:\/\/textilfest.org\/programa-textilfest-2025\/\">Brodant l'Anoia<br \/>FOTO: Mireia Garc\u00eda Cunill<\/a><\/p>\n              <\/div>\n            <\/div>\n                      <\/div>\n         <\/div><div class=\"gallery-col col\" >\n          <div class=\"col-inner\">\n                        <div class=\"box has-hover gallery-box box-none\">\n              <div class=\"box-image image-zoom\" style=\"width:null%;\">\n                <img loading=\"lazy\" decoding=\"async\" width=\"849\" height=\"1200\" src=\"https:\/\/textilfest.org\/wp-content\/uploads\/2025\/09\/TextilFest-2025-CARTEL-CIRCULAR.webp\" class=\"attachment-original size-original\" alt=\"CARTEL CIRCULAR\" ids=\"1953,1119,1122,1238\" style=\"none\" lightbox=\"false\" type=\"masonry\" col_spacing=\"small\" columns=\"2\" columns__md=\"2\" image_width=\"null\" image_size=\"original\" image_hover=\"zoom\" text_size=\"large\" text_bg=\"rgba(0, 0, 0, 0.442)\" text_color=\"dark\" text_padding=\"5% 0px 5% 5%\" \/>                                                              <\/div>\n              <div class=\"box-text text-left is-large dark\" style=\"background-color:rgba(0, 0, 0, 0.442);padding:5% 0px 5% 5%;\">\n                 <p><a href=\"https:\/\/textilfest.org\/programa-textilfest-2025\/\">BRODANT I\u00c1NOIA<br \/>DESCARGAR CARTEL<\/a><\/p>\n              <\/div>\n            <\/div>\n                      <\/div>\n         <\/div><div class=\"gallery-col col\" >\n          <div class=\"col-inner\">\n                        <div class=\"box has-hover gallery-box box-none\">\n              <div class=\"box-image image-zoom\" style=\"width:null%;\">\n                <img loading=\"lazy\" decoding=\"async\" width=\"505\" height=\"1200\" src=\"https:\/\/textilfest.org\/wp-content\/uploads\/2025\/09\/TextilFest-2025-Indianes-Entre-el-disseny-i-la-tecnica.webp\" class=\"attachment-original size-original\" alt=\"Indianes. Entre el disseny i la t\u00e8cnica.\" ids=\"1953,1119,1122,1238\" style=\"none\" lightbox=\"false\" type=\"masonry\" col_spacing=\"small\" columns=\"2\" columns__md=\"2\" image_width=\"null\" image_size=\"original\" image_hover=\"zoom\" text_size=\"large\" text_bg=\"rgba(0, 0, 0, 0.442)\" text_color=\"dark\" text_padding=\"5% 0px 5% 5%\" \/>                                                              <\/div>\n              <div class=\"box-text text-left is-large dark\" style=\"background-color:rgba(0, 0, 0, 0.442);padding:5% 0px 5% 5%;\">\n                 <p><a href=\"https:\/\/textilfest.org\/programa-textilfest-2025\/\">BRODANT I\u00c1NOIA<\/a><\/p>\n              <\/div>\n            <\/div>\n                      <\/div>\n         <\/div><div class=\"gallery-col col\" >\n          <div class=\"col-inner\">\n                        <div class=\"box has-hover gallery-box box-none\">\n              <div class=\"box-image image-zoom\" style=\"width:null%;\">\n                <img loading=\"lazy\" decoding=\"async\" width=\"595\" height=\"842\" src=\"https:\/\/textilfest.org\/wp-content\/uploads\/2025\/09\/web-ENG-cartel-transformation.webp\" class=\"attachment-original size-original\" alt=\"\" ids=\"1953,1119,1122,1238\" style=\"none\" lightbox=\"false\" type=\"masonry\" col_spacing=\"small\" columns=\"2\" columns__md=\"2\" image_width=\"null\" image_size=\"original\" image_hover=\"zoom\" text_size=\"large\" text_bg=\"rgba(0, 0, 0, 0.442)\" text_color=\"dark\" text_padding=\"5% 0px 5% 5%\" \/>                                                              <\/div>\n              <div class=\"box-text text-left is-large dark\" style=\"background-color:rgba(0, 0, 0, 0.442);padding:5% 0px 5% 5%;\">\n                 <p><\/p>\n              <\/div>\n            <\/div>\n                      <\/div>\n         <\/div><\/div>\n\t\t<\/div>\n\t\t\t\t\n<style>\n#col-1081052466 > .col-inner {\n  margin: 0px 3% 3% 3%;\n}\n@media (min-width:850px) {\n  #col-1081052466 > .col-inner {\n    margin: 2% 0px 0px 0px;\n  }\n}\n<\/style>\n\t<\/div>\n\n\t\n\n<style>\n#row-1134098864 > .col > .col-inner {\n  padding: 0px 5% 0px 5%;\n}\n<\/style>\n<\/div>\n<div class=\"row row-small\"  id=\"row-1822114903\">\n\n\t<div id=\"col-584612872\" class=\"col small-12 large-12\"  >\n\t\t\t\t<div class=\"col-inner\"  >\n\t\t\t\n\t\t\t\n<div class=\"is-divider divider clearfix\" style=\"max-width:120px;height:1px;\"><\/div>\n\t<div id=\"text-2458741925\" class=\"text\">\n\t\t\n<h3>LIST OF BRODANT L\u2019ANOIA EXHIBITION PARTICIPANTS<\/h3>\n\t\t\n<style>\n#text-2458741925 {\n  line-height: 1.25;\n  text-align: left;\n}\n<\/style>\n\t<\/div>\n\t\n\t\t<\/div>\n\t\t\t\t\n<style>\n#col-584612872 > .col-inner {\n  margin: 0px 0px 0px 2%;\n}\n@media (min-width:550px) {\n  #col-584612872 > .col-inner {\n    margin: 0px 0px 0px 0px;\n  }\n}\n<\/style>\n\t<\/div>\n\n\t\n\n\t<div id=\"col-1418598157\" class=\"col medium-6 small-11 large-5\"  >\n\t\t\t\t<div class=\"col-inner text-left\"  >\n\t\t\t\n\t\t\t\n\t<div id=\"text-3763420732\" class=\"text\">\n\t\t\n<div class=\"_df_thumb \" id=\"df_1900\"  _slug=\"brodant-lanoia-es\" data-title=\"brodant-lanoia-es\" wpoptions=\"true\" thumb=\"https:\/\/textilfest.org\/wp-content\/uploads\/2025\/09\/Brodant-Anoia_listado-participantes_TextilFest-ACT-15SEP25.webp\" thumbtype=\"\" >BRODANT L\u2019ANOIA- ES<\/div><script class=\"df-shortcode-script\" nowprocket type=\"application\/javascript\">window.option_df_1900 = {\"outline\":[],\"backgroundColor\":\"#eef1f4\",\"viewerType\":\"flipbook\",\"autoEnableOutline\":\"false\",\"autoEnableThumbnail\":\"false\",\"overwritePDFOutline\":\"false\",\"direction\":\"1\",\"pageSize\":\"0\",\"pageMode\":\"1\",\"source\":\"https:\\\/\\\/textilfest.org\\\/wp-content\\\/uploads\\\/2025\\\/09\\\/Brodant-Anoia_listado-participantes_TextilFest-ACT-15SEP25.pdf\",\"wpOptions\":\"true\"}; if(window.DFLIP && window.DFLIP.parseBooks){window.DFLIP.parseBooks();}<\/script>\n\t\t\n<style>\n#text-3763420732 {\n  text-align: left;\n}\n<\/style>\n\t<\/div>\n\t\n\t\t<\/div>\n\t\t\t\t\n<style>\n#col-1418598157 > .col-inner {\n  padding: 0px 0px 0px 0px;\n}\n<\/style>\n\t<\/div>\n\n\t\n\n<style>\n#row-1822114903 > .col > .col-inner {\n  padding: 5% 0px 0px 0px;\n}\n<\/style>\n<\/div>\n<div class=\"row row-small\"  id=\"row-2030404754\">\n\n\t<div id=\"col-1686021664\" class=\"col small-12 large-12\"  >\n\t\t\t\t<div class=\"col-inner\"  >\n\t\t\t\n\t\t\t\n<div class=\"is-divider divider clearfix\" style=\"max-width:120px;height:1px;\"><\/div>\n\t<div id=\"text-555921121\" class=\"text\">\n\t\t\n<h3>LIST OF SELECTED WORKS<\/h3>\n\t\t\n<style>\n#text-555921121 {\n  line-height: 1.25;\n  text-align: left;\n}\n<\/style>\n\t<\/div>\n\t\n\t\t<\/div>\n\t\t\t\t\n<style>\n#col-1686021664 > .col-inner {\n  margin: 0px 0px 0px 2%;\n}\n@media (min-width:550px) {\n  #col-1686021664 > .col-inner {\n    margin: 0px 0px 0px 0px;\n  }\n}\n<\/style>\n\t<\/div>\n\n\t\n\n<style>\n#row-2030404754 > .col > .col-inner {\n  padding: 5% 0px 0px 0px;\n}\n<\/style>\n<\/div>\n<div class=\"row\"  id=\"row-585388955\">\n\n\t<div id=\"col-1523122293\" class=\"col medium-6 small-11 large-5\"  >\n\t\t\t\t<div class=\"col-inner text-left\"  >\n\t\t\t\n\t\t\t\n\t<div id=\"text-3672908045\" class=\"text\">\n\t\t\n<div class=\"_df_thumb \" id=\"df_1129\"  _slug=\"circular-listado-obras-seleccionadas\" data-title=\"circular-listado-obras-seleccionadas\" wpoptions=\"true\" thumb=\"https:\/\/textilfest.org\/wp-content\/uploads\/2025\/09\/TextilFest-2025-CIRCULAR-Listado-obras-seleccionadas.webp\" thumbtype=\"\" >CIRCULAR. Listado obras seleccionadas.<\/div><script class=\"df-shortcode-script\" nowprocket type=\"application\/javascript\">window.option_df_1129 = {\"outline\":[],\"backgroundColor\":\"#eef1f4\",\"viewerType\":\"flipbook\",\"autoEnableOutline\":\"false\",\"autoEnableThumbnail\":\"false\",\"overwritePDFOutline\":\"false\",\"direction\":\"1\",\"pageSize\":\"0\",\"pageMode\":\"2\",\"soundEnable\":\"true\",\"source\":\"https:\\\/\\\/textilfest.org\\\/wp-content\\\/uploads\\\/2025\\\/09\\\/TextilFest-2025-Listado-obras-seleccionadas.pdf\",\"wpOptions\":\"true\"}; if(window.DFLIP && window.DFLIP.parseBooks){window.DFLIP.parseBooks();}<\/script>\n\t\t\n<style>\n#text-3672908045 {\n  text-align: left;\n}\n<\/style>\n\t<\/div>\n\t\n\t\t<\/div>\n\t\t\t\t\n<style>\n#col-1523122293 > .col-inner {\n  padding: 0px 0px 0px 0px;\n}\n<\/style>\n\t<\/div>\n\n\t\n\n\t<div id=\"col-861296850\" class=\"col medium-6 small-11 large-5\"  >\n\t\t\t\t<div class=\"col-inner text-left\"  >\n\t\t\t\n\t\t\t\n\t<div id=\"text-1198401854\" class=\"text\">\n\t\t\n<div class=\"_df_thumb \" id=\"df_1240\"  _slug=\"transformations-list-of-selected-artworks\" data-title=\"transformations-list-of-selected-artworks\" wpoptions=\"true\" thumb=\"https:\/\/textilfest.org\/wp-content\/uploads\/2025\/09\/TextilFest-2025-TRANSFORMATIONS-selected-artists-and-works.webp\" thumbtype=\"\" >TRANSFORMATIONS. List of selected artworks.<\/div><script class=\"df-shortcode-script\" nowprocket type=\"application\/javascript\">window.option_df_1240 = {\"outline\":[],\"backgroundColor\":\"#eef1f4\",\"viewerType\":\"flipbook\",\"autoEnableOutline\":\"false\",\"autoEnableThumbnail\":\"false\",\"overwritePDFOutline\":\"false\",\"direction\":\"1\",\"pageSize\":\"0\",\"pageMode\":\"2\",\"source\":\"https:\\\/\\\/textilfest.org\\\/wp-content\\\/uploads\\\/2025\\\/09\\\/Transformations_selected-artists-and-works.pdf\",\"wpOptions\":\"true\"}; if(window.DFLIP && window.DFLIP.parseBooks){window.DFLIP.parseBooks();}<\/script>\n\t\t\n<style>\n#text-1198401854 {\n  text-align: left;\n}\n<\/style>\n\t<\/div>\n\t\n\t\t<\/div>\n\t\t\t\t\t<\/div>\n\n\t\n\n<style>\n#row-585388955 > .col > .col-inner {\n  padding: 0px 2% 15% 2%;\n}\n@media (min-width:850px) {\n  #row-585388955 > .col > .col-inner {\n    padding: 0px 0px 20% 0px;\n  }\n}\n<\/style>\n<\/div>\n\t\t<\/div>\n\n\t\t\n<style>\n#section_181762177 {\n  padding-top: 0px;\n  padding-bottom: 0px;\n}\n<\/style>\n\t<\/section>\n\t\n\n\t<section class=\"section\" id=\"section_1350922804\">\n\t\t<div class=\"section-bg fill\" >\n\t\t\t\t\t\t\t\t\t\n\t\t\t\n\n\t\t<\/div>\n\n\t\t\n\n\t\t<div class=\"section-content relative\">\n\t\t\t\n<div class=\"row align-center\"  id=\"row-1998158691\">\n\n\t<div id=\"col-1922867244\" class=\"col small-9 large-12\"  >\n\t\t\t\t<div class=\"col-inner text-center\"  >\n\t\t\t\n\t\t\t\n\t<div class=\"img has-hover x md-x lg-x y md-y lg-y\" id=\"image_1978223769\">\n\t\t\t\t\t\t\t\t<div class=\"img-inner image-zoom dark\" >\n\t\t\t<img loading=\"lazy\" decoding=\"async\" width=\"506\" height=\"99\" src=\"https:\/\/textilfest.org\/wp-content\/uploads\/2025\/07\/Ayuntament-de-Igualada-TextilFest.png\" class=\"attachment-large size-large\" alt=\"Ayuntament de Igualada\" \/>\t\t\t\t\t\t\n\t\t\t\t\t<\/div>\n\t\t\t\t\t\t\t\t\n<style>\n#image_1978223769 {\n  width: 100%;\n}\n@media (min-width:550px) {\n  #image_1978223769 {\n    width: 31%;\n  }\n}\n<\/style>\n\t<\/div>\n\t\n\t<div id=\"gap-147530615\" class=\"gap-element clearfix\" style=\"display:block; height:auto;\">\n\t\t\n<style>\n#gap-147530615 {\n  padding-top: 5px;\n}\n@media (min-width:550px) {\n  #gap-147530615 {\n    padding-top: 10px;\n  }\n}\n@media (min-width:850px) {\n  #gap-147530615 {\n    padding-top: 5px;\n  }\n}\n<\/style>\n\t<\/div>\n\t\n<p>COLLABORATE<\/p>\n\t\t<\/div>\n\t\t\t\t\t<\/div>\n\n\t\n<\/div>\n<div class=\"row row-full-width align-middle align-center\"  id=\"row-1281787162\">\n\n\t<div id=\"col-1369356316\" class=\"col medium-2 small-6 large-2\"  >\n\t\t\t\t<div class=\"col-inner text-center\"  >\n\t\t\t\n\t\t\t\n\t<div class=\"img has-hover x md-x lg-x y md-y lg-y\" id=\"image_1249390065\">\n\t\t\t\t\t\t\t\t<div class=\"img-inner image-zoom dark\" >\n\t\t\t<img loading=\"lazy\" decoding=\"async\" width=\"300\" height=\"127\" src=\"https:\/\/textilfest.org\/wp-content\/uploads\/2025\/07\/ESCOLA-MASSANA-TextilFest.png\" class=\"attachment-large size-large\" alt=\"Escola Massana. Centre d&#039;Art i Disseny\" \/>\t\t\t\t\t\t\n\t\t\t\t\t<\/div>\n\t\t\t\t\t\t\t\t\n<style>\n#image_1249390065 {\n  width: 100%;\n}\n@media (min-width:550px) {\n  #image_1249390065 {\n    width: 80%;\n  }\n}\n<\/style>\n\t<\/div>\n\t\n\t\t<\/div>\n\t\t\t\t\t<\/div>\n\n\t\n\n\t<div id=\"col-308034868\" class=\"col medium-2 small-6 large-2\"  >\n\t\t\t\t<div class=\"col-inner text-center\"  >\n\t\t\t\n\t\t\t\n\t<div class=\"img has-hover x md-x lg-x y md-y lg-y\" id=\"image_1606885304\">\n\t\t\t\t\t\t\t\t<div class=\"img-inner image-zoom dark\" >\n\t\t\t<img loading=\"lazy\" decoding=\"async\" width=\"1000\" height=\"500\" src=\"https:\/\/textilfest.org\/wp-content\/uploads\/2025\/07\/Ateneu-TextilFest.png\" class=\"attachment-large size-large\" alt=\"l&#039;Ateneu d&#039;Igualada\" srcset=\"https:\/\/textilfest.org\/wp-content\/uploads\/2025\/07\/Ateneu-TextilFest.png 1000w, https:\/\/textilfest.org\/wp-content\/uploads\/2025\/07\/Ateneu-TextilFest-768x384.png 768w\" sizes=\"auto, (max-width: 1000px) 100vw, 1000px\" \/>\t\t\t\t\t\t\n\t\t\t\t\t<\/div>\n\t\t\t\t\t\t\t\t\n<style>\n#image_1606885304 {\n  width: 100%;\n}\n@media (min-width:550px) {\n  #image_1606885304 {\n    width: 80%;\n  }\n}\n<\/style>\n\t<\/div>\n\t\n\t\t<\/div>\n\t\t\t\t\t<\/div>\n\n\t\n\n\t<div id=\"col-1284149902\" class=\"col medium-2 small-5 large-2\"  >\n\t\t\t\t<div class=\"col-inner text-center\"  >\n\t\t\t\n\t\t\t\n\t<div class=\"img has-hover x md-x lg-x y md-y lg-y\" id=\"image_1283071713\">\n\t\t\t\t\t\t\t\t<div class=\"img-inner image-zoom dark\" >\n\t\t\t<img loading=\"lazy\" decoding=\"async\" width=\"788\" height=\"794\" src=\"https:\/\/textilfest.org\/wp-content\/uploads\/2025\/07\/gremi-artesa-textil-de-catalunya-Textilfest.webp\" class=\"attachment-large size-large\" alt=\"Gremi Artes\u00e0 Textil de Catalunya\" \/>\t\t\t\t\t\t\n\t\t\t\t\t<\/div>\n\t\t\t\t\t\t\t\t\n<style>\n#image_1283071713 {\n  width: 100%;\n}\n@media (min-width:550px) {\n  #image_1283071713 {\n    width: 50%;\n  }\n}\n<\/style>\n\t<\/div>\n\t\n\t\t<\/div>\n\t\t\t\t\t<\/div>\n\n\t\n\n\t<div id=\"col-1366764668\" class=\"col medium-2 small-6 large-2\"  >\n\t\t\t\t<div class=\"col-inner text-center\"  >\n\t\t\t\n\t\t\t\n\t<div class=\"img has-hover x md-x lg-x y md-y lg-y\" id=\"image_1211841193\">\n\t\t\t\t\t\t\t\t<div class=\"img-inner image-zoom dark\" >\n\t\t\t<img loading=\"lazy\" decoding=\"async\" width=\"258\" height=\"59\" src=\"https:\/\/textilfest.org\/wp-content\/uploads\/2025\/07\/fi-tex-TextilFest.png\" class=\"attachment-large size-large\" alt=\"fi tex \u00b7 Fundaci\u00f3 Privada per a la Innovaci\u00f3 T\u00e8xtil\" \/>\t\t\t\t\t\t\n\t\t\t\t\t<\/div>\n\t\t\t\t\t\t\t\t\n<style>\n#image_1211841193 {\n  width: 100%;\n}\n@media (min-width:550px) {\n  #image_1211841193 {\n    width: 80%;\n  }\n}\n<\/style>\n\t<\/div>\n\t\n\t\t<\/div>\n\t\t\t\t\t<\/div>\n\n\t\n\n\t<div id=\"col-303290160\" class=\"col medium-2 small-6 large-2\"  >\n\t\t\t\t<div class=\"col-inner text-center\"  >\n\t\t\t\n\t\t\t\n\t<div class=\"img has-hover x md-x lg-x y md-y lg-y\" id=\"image_465615093\">\n\t\t\t\t\t\t\t\t<div class=\"img-inner image-zoom dark\" >\n\t\t\t<img loading=\"lazy\" decoding=\"async\" width=\"409\" height=\"123\" src=\"https:\/\/textilfest.org\/wp-content\/uploads\/2025\/07\/FAGEPi-TextilFest.png\" class=\"attachment-large size-large\" alt=\"FAGEPI\" \/>\t\t\t\t\t\t\n\t\t\t\t\t<\/div>\n\t\t\t\t\t\t\t\t\n<style>\n#image_465615093 {\n  width: 100%;\n}\n@media (min-width:550px) {\n  #image_465615093 {\n    width: 50%;\n  }\n}\n<\/style>\n\t<\/div>\n\t\n\t\t<\/div>\n\t\t\t\t\n<style>\n#col-303290160 > .col-inner {\n  margin: 0px 0px 0 0px;\n}\n<\/style>\n\t<\/div>\n\n\t\n<\/div>\n\t\t<\/div>\n\n\t\t\n<style>\n#section_1350922804 {\n  padding-top: 50px;\n  padding-bottom: 50px;\n  background-color: rgb(255, 255, 255);\n}\n<\/style>\n\t<\/section>\n\t\n","protected":false},"excerpt":{"rendered":"","protected":false},"author":1,"featured_media":1953,"parent":0,"menu_order":5,"comment_status":"closed","ping_status":"closed","template":"page-blank.php","meta":{"_seopress_robots_primary_cat":"","_seopress_titles_title":"Exhibitions %%sep%% %%sitetitle%%","_seopress_titles_desc":"This autumn, we look forward to welcoming you to Igualada for TextilFest, a major textile festival featuring exhibitions, workshops, talks, artist residencies, and group activities...","_seopress_robots_index":"","footnotes":""},"class_list":["post-1106","page","type-page","status-publish","has-post-thumbnail","hentry"],"_links":{"self":[{"href":"https:\/\/textilfest.org\/en\/wp-json\/wp\/v2\/pages\/1106","targetHints":{"allow":["GET"]}}],"collection":[{"href":"https:\/\/textilfest.org\/en\/wp-json\/wp\/v2\/pages"}],"about":[{"href":"https:\/\/textilfest.org\/en\/wp-json\/wp\/v2\/types\/page"}],"author":[{"embeddable":true,"href":"https:\/\/textilfest.org\/en\/wp-json\/wp\/v2\/users\/1"}],"replies":[{"embeddable":true,"href":"https:\/\/textilfest.org\/en\/wp-json\/wp\/v2\/comments?post=1106"}],"version-history":[{"count":0,"href":"https:\/\/textilfest.org\/en\/wp-json\/wp\/v2\/pages\/1106\/revisions"}],"wp:featuredmedia":[{"embeddable":true,"href":"https:\/\/textilfest.org\/en\/wp-json\/wp\/v2\/media\/1953"}],"wp:attachment":[{"href":"https:\/\/textilfest.org\/en\/wp-json\/wp\/v2\/media?parent=1106"}],"curies":[{"name":"wp","href":"https:\/\/api.w.org\/{rel}","templated":true}]}}